{"id":55,"name":"terapeutyczny-oddzial-dzienny-ii-tod","title":"Terapeutyczny Oddzia\u0142 Dzienny II (TOD)","desc":"","header":"Terapeutyczny Oddzia\u0142 Dzienny II (TOD)","lead":"","keywords":"","changes":"aktualizacja artyku\u0142u","menu":"","path":"\/dla-pacjenta\/projekty_unijne\/terapeutyczny-oddzial-dzienny-ii-tod.html","url":"\/dla-pacjenta\/projekty_unijne\/terapeutyczny-oddzial-dzienny-ii-tod.html","infoOwner":"O\u015brodek Terapii Nerwic dla Dzieci i M\u0142odzie\u017cy w Orzeszu","dateFirstPublicate":"2020-04-27 08:43:50","dateLastVersionPublicate":"2022-10-03 12:48:13","dateAvailableFrom":"","dateAvailableTo":"","type":"jednostki_Zwyk\u0142a","pageParams":[],"components":[{"id":"93bb94fe-7312-11e9-90c1-000c290e6fc2","type":"SectionDescription","name":"","description":"Zajawka sekcji","content":[]},{"id":"93bbe8e3-7312-11e9-90c1-000c290e6fc2","type":"PageTitle","name":"Tytu\u0142 strony","description":"Tytu\u0142 strony","content":{"title":"Terapeutyczny Oddzia\u0142 Dzienny II (TOD)"}},{"id":"93bc435c-7312-11e9-90c1-000c290e6fc2","type":"PageDescription","name":"","description":"Zajawka strony","content":[]},{"id":"93bcef8e-7312-11e9-90c1-000c290e6fc2","type":"ContentWYSIWYG","name":"Tre\u015b\u0107","description":"Tre\u015b\u0107 strony","content":{"content":"\u003Cp\u003E\u003Cstrong\u003E\u003Cimg src=\u0022\/resource\/image\/3\/618\/5\/68\/0x0.png\u0022 alt=\u0022logo projekt\u00f3w unijnych\u0022 \/\u003E\u003C\/strong\u003E\u003C\/p\u003E\n\u003Cp\u003E\u003Cstrong\u003EInformacja dotycz\u0105ca trwa\u0142o\u015bci projektu\u00a0\u201eTerapeutyczny Oddzia\u0142 Dzienny II (TOD)\u201d\u003C\/strong\u003E\u003C\/p\u003E\n\u003Cp\u003Enr RPSL.09.02.01-24-02C3\/19\u003C\/p\u003E\n\u003Cp\u003Ewsp\u00f3\u0142finansowanego ze \u015brodk\u00f3w Europejskiego Funduszu Spo\u0142ecznego w ramach Regionalnego Programu Operacyjnego Wojew\u00f3dztwa \u015al\u0105skiego na lata 2014-2020,\u003Cbr \/\u003Eo\u015b priorytetowa: IX. W\u0142\u0105czenie spo\u0142eczne\u003Cbr \/\u003Edzia\u0142anie: 9.2. Dost\u0119pne i efektywne us\u0142ugi spo\u0142eczne i zdrowotne\u003Cbr \/\u003Epoddzia\u0142anie: 9.2.1. Rozw\u00f3j us\u0142ug spo\u0142ecznych i zdrowotnych - ZIT\u003C\/p\u003E\n\u003Cp\u003EW zwi\u0105zku z zako\u0144czeniem realizacji ww. projektu w dniu 31.08.2022 r. O\u015brodek Terapii Nerwic dla Dzieci i M\u0142odzie\u017cy w Orzeszu deklaruje gotowo\u015b\u0107 do kontynuacji \u015bwiadcze\u0144 zdrowotnych przez okres 12 miesi\u0119cy w zakresie diagnozy, leczenia i terapii dzieci i m\u0142odzie\u017cy w wieku szkolnym (do 18 roku \u017cycia).\u003C\/p\u003E\n\u003Cp\u003EOdp\u0142atno\u015b\u0107 za ww. us\u0142ugi b\u0119dzie wynosi\u0107 300 z\u0142\/dzie\u0144.\u003C\/p\u003E\n\u003Cp\u003ERealizacja terapii od poniedzia\u0142ku do pi\u0105tku w godzinach od 13.00 do 18.00, przez okres minimum 12 tygodni.\u003C\/p\u003E\n\u003Cp\u003EIlo\u015b\u0107 miejsc: 12.\u003C\/p\u003E\n\u003Cp\u003ESzczeg\u00f3\u0142owych informacji udzielamy pod nr tel. (32) 221 56 70, (32) 326 08 58 lub osobi\u015bcie w siedzibie O\u015brodka Terapii Nerwic dla Dzieci i M\u0142odzie\u017cy w Orzeszu ul. Miko\u0142owska 208\u003C\/p\u003E\n\u003Cp\u003E\u003Cstrong\u003EProjekt \u201eTerapeutyczny Oddzia\u0142 Dzienny II (TOD)\u201d jest wsp\u00f3\u0142finansowany ze \u015brodk\u00f3w Europejskiego Funduszu Spo\u0142ecznego w ramach Regionalnego Programu Operacyjnego Wojew\u00f3dztwa \u015al\u0105skiego na lata 2014-2020. \u003C\/strong\u003E\u003C\/p\u003E\n\u003Cp\u003ENr umowy: UDA-RPSL.09.02.01-24-02C3\/19-00\u003Cbr \/\u003E\u003Cbr \/\u003Eo\u015b priorytetowa: IX. W\u0142\u0105czenie spo\u0142eczne\u003Cbr \/\u003Edzia\u0142anie: 9.2. Dost\u0119pne i efektywne us\u0142ugi spo\u0142eczne i zdrowotne\u003Cbr \/\u003Epoddzia\u0142anie: 9.2.1. Rozw\u00f3j us\u0142ug spo\u0142ecznych i zdrowotnych - ZIT\u003C\/p\u003E\n\u003Cp\u003E\u003Cstrong\u003ECel projektu: \u003C\/strong\u003Ediagnoza, leczenie i terapia dzieci i m\u0142odzie\u017cy w wieku szkolnym (do 18 roku \u017cycia).\u003C\/p\u003E\n\u003Cp\u003E\u003Cstrong\u003EObszar realizacji projektu:\u003C\/strong\u003E wojew\u00f3dztwo \u015al\u0105skie \u2013 obszar Zwi\u0105zku Gmin i Powiat\u00f3w Subregionu Centralnego, ze szczeg\u00f3lnym uwzgl\u0119dnieniem Orzesza i gmin o\u015bciennych.\u003C\/p\u003E\n\u003Cp\u003E\u003Cstrong\u003ELeczymy\u003C\/strong\u003E: zaburzenia emocjonalne, zaburzenia l\u0119kowe, ADHD, zaburzenia ze spektrum autyzmu, zaburzenia obsesyjno-kompulsyjne, zaburzenia somatyzacyjne.\u003C\/p\u003E\n\u003Cp\u003EW programie terapii przewidziane s\u0105 psychoterapia grupowa i indywidualna, terapie zaj\u0119ciowe, gry i zabawy ruchowe, muzykoterapia, relaksacja, dogoterapia i logopedia.\u003C\/p\u003E\n\u003Cp\u003E\u003Cstrong\u003EZaj\u0119cia odbywaj\u0105 si\u0119 od poniedzia\u0142ku do pi\u0105tku w godzinach od 13.00 do 18.00\u003C\/strong\u003E\u003C\/p\u003E\n\u003Cp\u003E\u003Cstrong\u003EWi\u0119cej informacji na temat udzia\u0142u w projekcie otrzymaj\u0105 Pa\u0144stwo pod nr tel. (32) 221 56 70, (32) 326 08 58 \u003C\/strong\u003E\u003C\/p\u003E\n\u003Cp\u003E\u003Cstrong\u003Elub osobi\u015bcie w siedzibie O\u015brodka Terapii Nerwic dla Dzieci i M\u0142odzie\u017cy w Orzeszu ul. Miko\u0142owska 208 \u003C\/strong\u003E\u003C\/p\u003E\n\u003Cp\u003EUdzia\u0142 w projekcie jest bezp\u0142atny\u003C\/p\u003E\n\u003Cp\u003E\u003Cstrong\u003ETermin realizacji:\u003C\/strong\u003E\u003C\/p\u003E\n\u003Cul\u003E\n\u003Cli\u003ETermin rozpocz\u0119cia realizacji projektu: 01.07.2020\u003C\/li\u003E\n\u003Cli\u003ETermin zako\u0144czenia realizacji projektu: 31.08.2022\u003C\/li\u003E\n\u003C\/ul\u003E\n\u003Cp\u003E\u003Cstrong\u003E\u00a0\u003C\/strong\u003E\u003C\/p\u003E\n\u003Cp\u003E\u003Cstrong\u003EBiuro Projektu: \u003C\/strong\u003EO\u015brodek Terapii Nerwic dla Dzieci i M\u0142odzie\u017cy ul. Miko\u0142owska 208, 43-187 Orzesze\u003C\/p\u003E\n\u003Cp\u003EWarto\u015b\u0107 ca\u0142kowita projektu: 857 468,30 z\u0142\u003Cbr \/\u003EDofinansowanie UE: 728 848,05 z\u0142\u003Cbr \/\u003EDotacja z bud\u017cetu krajowego: 68 597,47 z\u0142\u003Cbr \/\u003EWk\u0142ad w\u0142asny: 60 022,78 z\u0142\u003C\/p\u003E","promotion":false}},{"id":"93bd42ce-7312-11e9-90c1-000c290e6fc2","type":"Gallery","name":"Galeria","description":"Galeria"},{"id":"93bd956b-7312-11e9-90c1-000c290e6fc2","type":"Attachment","name":"Za\u0142\u0105czniki","description":"Za\u0142\u0105czniki do strony"},{"id":"d63e71ef-92cf-11f0-b976-00505697ccff","type":"PageThumbnail","name":"","description":"Miniaturka strony","content":[]}]}