{"id":54,"name":"szpital-domowy-szd","title":"Szpital Domowy (SzD)","desc":"","header":"Szpital Domowy (SzD)","lead":"","keywords":"","changes":"Aktualizacja tre\u015bci","menu":"","path":"\/dla-pacjenta\/projekty_unijne\/szpital-domowy-szd.html","url":"\/dla-pacjenta\/projekty_unijne\/szpital-domowy-szd.html","infoOwner":"O\u015brodek Terapii Nerwic dla Dzieci i M\u0142odzie\u017cy w Orzeszu","dateFirstPublicate":"2020-04-27 08:37:04","dateLastVersionPublicate":"2020-11-09 11:21:24","dateAvailableFrom":"","dateAvailableTo":"","type":"jednostki_Zwyk\u0142a","pageParams":[],"components":[{"id":"93bb94fe-7312-11e9-90c1-000c290e6fc2","type":"SectionDescription","name":"","description":"Zajawka sekcji","content":[]},{"id":"93bbe8e3-7312-11e9-90c1-000c290e6fc2","type":"PageTitle","name":"Tytu\u0142 strony","description":"Tytu\u0142 strony","content":{"title":"Szpital Domowy (SzD)"}},{"id":"93bc435c-7312-11e9-90c1-000c290e6fc2","type":"PageDescription","name":"","description":"Zajawka strony","content":[]},{"id":"93bcef8e-7312-11e9-90c1-000c290e6fc2","type":"ContentWYSIWYG","name":"Tre\u015b\u0107","description":"Tre\u015b\u0107 strony","content":{"content":"\u003Cp style=\u0022text-align: center;\u0022\u003E\u003Cstrong\u003E\u003Cimg src=\u0022\/resource\/image\/3\/618\/5\/68\/0x0.png\u0022 alt=\u0022\u0022 \/\u003E\u003C\/strong\u003E\u003C\/p\u003E\n\u003Cp style=\u0022text-align: center;\u0022\u003E\u003Cstrong\u003EInformacja dotycz\u0105ca trwa\u0142o\u015bci projektu \u201eSzpital Domowy (SzD)\u201d\u003C\/strong\u003E\u003C\/p\u003E\n\u003Cp style=\u0022text-align: center;\u0022\u003E\u003Cstrong\u003Enr RPSL.09.02.06-24-0678\/17\u003C\/strong\u003E\u003C\/p\u003E\n\u003Cp style=\u0022text-align: center;\u0022\u003Ewsp\u00f3\u0142finansowanego ze \u015brodk\u00f3w Europejskiego Funduszu Spo\u0142ecznego \u003Cbr \/\u003E w ramach Regionalnego Programu Operacyjnego Wojew\u00f3dztwa \u015al\u0105skiego \u003Cbr \/\u003E na lata 2014-2020, \u003Cbr \/\u003E o\u015b priorytetowa: IX. W\u0142\u0105czenie spo\u0142eczne, \u003Cbr \/\u003E dzia\u0142anie: 9.2. Dost\u0119pne i efektywne us\u0142ugi spo\u0142eczne i zdrowotne, \u003Cbr \/\u003E poddzia\u0142ania: 9.2.6. Rozw\u00f3j us\u0142ug zdrowotnych.\u003C\/p\u003E\n\u003Cp\u003E\u00a0\u003C\/p\u003E\n\u003Cp style=\u0022text-align: center;\u0022\u003EW zwi\u0105zku z zako\u0144czeniem realizacji ww. projektu w dniu 28.09.2020 r. O\u015brodek Terapii Nerwic dla Dzieci i M\u0142odzie\u017cy w Orzeszu \u003Cstrong\u003Edeklaruje gotowo\u015b\u0107 do kontynuacji\u003C\/strong\u003E \u003Cstrong\u003Eprzez okres \u003C\/strong\u003E\u003Cstrong\u003E14 miesi\u0119cy us\u0142ug w zakresie \u003C\/strong\u003E\u003Cstrong\u003Eca\u0142odobowej opieki, porad lekarskich, psychologicznych i terapeutycznych osobom niepe\u0142nosprawnym z zaburzeniami psychicznymi w miejscu ich zamieszkania. \u00a0\u003C\/strong\u003E\u003C\/p\u003E\n\u003Cp style=\u0022text-align: center;\u0022\u003E\u003Cstrong\u003EOdp\u0142atno\u015b\u0107 za ww. us\u0142ugi b\u0119dzie wynosi\u0107 50 z\u0142\/h. \u003C\/strong\u003E\u003C\/p\u003E\n\u003Cp style=\u0022text-align: center;\u0022\u003E\u003Cstrong\u003EOpieka 8 godzin. Minimum 5 dni.\u003C\/strong\u003E\u003C\/p\u003E\n\u003Cp style=\u0022text-align: center;\u0022\u003E\u003Cstrong\u003E\u00a0\u003C\/strong\u003E\u003C\/p\u003E\n\u003Cp style=\u0022text-align: center;\u0022\u003ESzczeg\u00f3\u0142owych informacji udzielamy pod nr tel. (32) 221 56 70, (32) 326 08 58\u003C\/p\u003E\n\u003Cp style=\u0022text-align: center;\u0022\u003Elub osobi\u015bcie w siedzibie O\u015brodka Terap\u003C\/p\u003E\n\u003Cp style=\u0022text-align: center;\u0022\u003Eii Nerwic dla Dzieci i M\u0142odzie\u017cy w Orzeszu ul. Miko\u0142owska 208\u003C\/p\u003E\n\u003Cp\u003E\u003Cstrong\u003E\u003Cimg src=\u0022\/resource\/image\/3\/618\/5\/68\/0x0.png\u0022 alt=\u0022logo funduszy europejskich \u0022 style=\u0022display: block; margin-left: auto; margin-right: auto;\u0022 \/\u003E\u003C\/strong\u003E\u003C\/p\u003E\n\u003Cp\u003E\u003Cstrong\u003E\u003C\/strong\u003E\u003C\/p\u003E\n\u003Cp\u003E\u003Cstrong\u003EProjekt \u201eSzpital Domowy (SzD)\u201d jest wsp\u00f3\u0142finansowany ze \u015brodk\u00f3w Europejskiego Funduszu Spo\u0142ecznego w ramach Regionalnego Programu Operacyjnego Wojew\u00f3dztwa \u015al\u0105skiego na lata 2014-2020. \u003C\/strong\u003E\u003C\/p\u003E\n\u003Cp\u003ENr umowy: UDA-RPSL.09.02.06-24-0678\/17-00\u003C\/p\u003E\n\u003Cp\u003Eo\u015b priorytetowa: IX. W\u0142\u0105czenie spo\u0142eczne\u003Cbr \/\u003Edzia\u0142anie: 9.2. Dost\u0119pne i efektywne us\u0142ugi spo\u0142eczne i zdrowotne\u003Cbr \/\u003Epoddzia\u0142anie: 9.2.6. Rozw\u00f3j us\u0142ug zdrowotnych \u2013 konkurs\u003C\/p\u003E\n\u003Cp\u003E\u003Cstrong\u003ECel projektu: \u003C\/strong\u003Ezapewnienie ca\u0142odobowej opieki, porad lekarskich, psychologicznych i terapeutycznych osobom niepe\u0142nosprawnym z zaburzeniami psychicznymi w miejscu ich zamieszkania.\u003C\/p\u003E\n\u003Cp\u003EPodczas opieki sprawowanej przez \u201eSzpital Domowy\u201d rodzice lub opiekunowie niepe\u0142nosprawnego b\u0119d\u0105 mogli uda\u0107 si\u0119 na urlop lub odpocz\u0105\u0107 od codziennych obowi\u0105zk\u00f3w zwi\u0105zanych z opiek\u0105 nad niepe\u0142nosprawnym.\u003C\/p\u003E\n\u003Cp\u003E\u003Cstrong\u003EProjekt jest skierowany\u003C\/strong\u003E do os\u00f3b niepe\u0142nosprawnych z zaburzeniami psychicznymi, kt\u00f3rych niepe\u0142nosprawno\u015b\u0107 powsta\u0142a nie p\u00f3\u017aniej ni\u017c do 18 r.\u017c.\u00a0Uczestnicy projektu musz\u0105 by\u0107 mieszka\u0144cami wojew\u00f3dztwa \u015bl\u0105skiego.\u003C\/p\u003E\n\u003Cp\u003E\u003Cstrong\u003EWi\u0119cej informacji na temat udzia\u0142u w projekcie otrzymaj\u0105 Pa\u0144stwo pod nr tel. (32) 221 56 70, (32) 326 08 58 \u003C\/strong\u003E\u003C\/p\u003E\n\u003Cp\u003E\u003Cstrong\u003Elub osobi\u015bcie w siedzibie O\u015brodka Terapii Nerwic dla Dzieci i M\u0142odzie\u017cy w Orzeszu ul. Miko\u0142owska 208 \u003C\/strong\u003E\u003C\/p\u003E\n\u003Cp\u003EUdzia\u0142 w projekcie jest bezp\u0142atny\u003C\/p\u003E\n\u003Cp\u003E\u003Cstrong\u003ETermin realizacji:\u003C\/strong\u003E\u003C\/p\u003E\n\u003Cul\u003E\n\u003Cli\u003ETermin rozpocz\u0119cia realizacji projektu: 01.07.2018\u003C\/li\u003E\n\u003Cli\u003ETermin zako\u0144czenia realizacji projektu: 28.09.2020\u003C\/li\u003E\n\u003C\/ul\u003E\n\u003Cp\u003E\u003Cstrong\u003EBiuro Projektu: \u003C\/strong\u003EO\u015brodek Terapii Nerwic dla Dzieci i M\u0142odzie\u017cy ul. Miko\u0142owska 208, 43-187 Orzesze\u003C\/p\u003E\n\u003Cp\u003EWarto\u015b\u0107 ca\u0142kowita projektu: 1 086 688,16 z\u0142\u003Cbr \/\u003EDofinansowanie UE: 923 685,28 z\u0142\u003Cbr \/\u003EDotacja z bud\u017cetu krajowego: 86 935,08 z\u0142\u003Cbr \/\u003EWk\u0142ad w\u0142asny: 76 068,20 z\u0142\u003C\/p\u003E","promotion":false}},{"id":"93bd42ce-7312-11e9-90c1-000c290e6fc2","type":"Gallery","name":"Galeria","description":"Galeria"},{"id":"93bd956b-7312-11e9-90c1-000c290e6fc2","type":"Attachment","name":"Za\u0142\u0105czniki","description":"Za\u0142\u0105czniki do strony","content":[{"src":"\/resource\/110\/Formularz+zgloszeniowy+do+projektu+SzD.pdf","extension":"PDF","name":"b0cb9ac8559bb8059c6b4f411f1d7f89.pdf","size":"345.17 KB"}]},{"id":"d63e71ef-92cf-11f0-b976-00505697ccff","type":"PageThumbnail","name":"","description":"Miniaturka strony","content":[]}]}