{"id":37,"name":"metody-diagnostyczne-i-terapeutyczne","title":"Informacja dla rodzica\/opiekuna przed przyj\u0119ciem","desc":"","header":"Informacja dla rodzica\/opiekuna przed przyj\u0119ciem","lead":"","keywords":"","changes":"Aktualizacja artyku\u0142u","menu":"","path":"\/dla-pacjenta\/oddzial_calodobowy\/metody-diagnostyczne-i-terapeutyczne.html","url":"\/dla-pacjenta\/oddzial_calodobowy\/metody-diagnostyczne-i-terapeutyczne.html","infoOwner":"O\u015brodek Terapii Nerwic dla Dzieci i M\u0142odzie\u017cy w Orzeszu","dateFirstPublicate":"2019-10-11 10:38:51","dateLastVersionPublicate":"2024-10-24 10:30:30","dateAvailableFrom":"2019-10-11 10:38:27","dateAvailableTo":"","type":"jednostki_Zwyk\u0142a","pageParams":[],"components":[{"id":"93bb94fe-7312-11e9-90c1-000c290e6fc2","type":"SectionDescription","name":"","description":"Zajawka sekcji","content":[]},{"id":"93bbe8e3-7312-11e9-90c1-000c290e6fc2","type":"PageTitle","name":"Tytu\u0142 strony","description":"Tytu\u0142 strony","content":{"title":"Informacja dla rodzica\/opiekuna przed przyj\u0119ciem"}},{"id":"93bc435c-7312-11e9-90c1-000c290e6fc2","type":"PageDescription","name":"","description":"Zajawka strony","content":[]},{"id":"93bcef8e-7312-11e9-90c1-000c290e6fc2","type":"ContentWYSIWYG","name":"Tre\u015b\u0107","description":"Tre\u015b\u0107 strony","content":{"content":"\u003Cdiv class=\u0022col-12 col-md-8 col-lg-9 px-0 order-1 order-md-2\u0022\u003E\n\u003Cdiv class=\u0022px-0 px-md-4\u0022\u003E\n\u003Carticle id=\u0022content\u0022\u003E\n\u003Cdiv id=\u0022c873\u0022 class=\u0022frame frame-default frame-type-textpic frame-layout-0\u0022\u003E\n\u003Cdiv class=\u0022ce-textpic ce-center ce-above\u0022\u003E\n\u003Cdiv class=\u0022ce-bodytext\u0022\u003E\n\u003Cp\u003ELeczenie w Oddziale powinno by\u0107 rozwa\u017cane po weryfikacji diagnozy psychiatrycznej i wyczerpaniu mo\u017cliwo\u015bci leczenia w warunkach ambulatoryjnych (oddzia\u0142ywania psychoterapeutyczne indywidualne, grupowe, leczenie w O\u015brodku \u015arodowiskowej Opieki Psychologiczno-Psychoterapeutycznej, Poradni Zdrowia Psychicznego lub Oddziale Dziennym dla dzieci i m\u0142odzie\u017cy)\u00a0\u003C\/p\u003E\n\u003Cp\u003ELink do wyszukiwarki \u015bwiadcze\u0144 \u003Ca href=\u0022https:\/\/www.nfz.gov.pl\/dla-pacjenta\/informacje-o-swiadczeniach\/ochrony-zdrowia-psychicznego-dzieci-i-mlodziezy\/\u0022 target=\u0022_blank\u0022 rel=\u0022noopener noreferrer\u0022\u003Ehttps:\/\/www.nfz.gov.pl\/dla-pacjenta\/informacje-o-swiadczeniach\/ochrony-zdrowia-psychicznego-dzieci-i-mlodziezy\/\u003C\/a\u003E\u003C\/p\u003E\n\u003Cp\u003EPrzyj\u0119cia odbywaj\u0105 si\u0119 w tzw. trybie planowym, w oparciu o kwalifikacje i zgodnie z list\u0105 oczekuj\u0105cych (kwalifikacja do grup terapeutycznych zgodnie z dost\u0119pno\u015bci\u0105 miejsc dla okre\u015blonej problematyki emocjonalnej i wieku metrykalnego).\u00a0\u003C\/p\u003E\n\u003Cp\u003EW zwi\u0105zku z programem terapeutycznym opartym na oddzia\u0142ywaniach psychoterapeutycznych warunkiem kontynuacji pobytu, po okresie adaptacji jest motywacja i podj\u0119cie wsp\u00f3\u0142pracy przez pacjenta w procesie leczenia, \u003Ci\u003Euwzgl\u0119dniaj\u0105c r\u00f3wnie\u017c adekwatny do podj\u0119cia pracy psychoterapeutycznej potencja\u0142 intelektualny.\u00a0\u003C\/i\u003E\u003C\/p\u003E\n\u003Cp\u003EZ uwagi na charakter dost\u0119pnych oddzia\u0142ywa\u0144 oraz organizacj\u0119 O\u015brodka bezwzgl\u0119dnymi przeciwwskazaniami do przyj\u0119cia s\u0105:\u003C\/p\u003E\n\u003Cul\u003E\n\u003Cli\u003Erozpoznane zaburzenia zachowania, obecno\u015b\u0107 w wywiadzie cech tzw. demoralizacji,\u003C\/li\u003E\n\u003Cli\u003Eu\u017cywanie substancji psychoaktywnych,\u003C\/li\u003E\n\u003Cli\u003Etendencje ucieczkowe,\u003C\/li\u003E\n\u003Cli\u003Eniestabilny stan psychiczny \u2013 utrzymuj\u0105ce si\u0119 wysokie ryzyko samob\u00f3jcze, nasilone i zagra\u017caj\u0105ce zachowania autoagresywne,\u003C\/li\u003E\n\u003Cli\u003Eniestabilny stan somatyczny.\u003C\/li\u003E\n\u003C\/ul\u003E\n\u003Cp\u003EPo przeanalizowaniu dostarczonej dokumentacji, zesp\u00f3\u0142 kwalifikacyjny wpisuje pacjenta na list\u0119 oczekuj\u0105cych lub informuje opiekuna o decyzji odmownej.\u003C\/p\u003E\n\u003Cp\u003EW sytuacji odleg\u0142ego terminu przyj\u0119cia \u2013 opiekun mo\u017ce zosta\u0107 poproszony o uzupe\u0142nienie w\/w dokumentacji z okresu pomi\u0119dzy kwalifikacj\u0105 a proponowanym terminem przyj\u0119cia \u2013 celem weryfikacji wskaza\u0144 do przyj\u0119cia.\u003C\/p\u003E\n\u003Cp\u003EOstateczna weryfikacja zasadno\u015bci przyj\u0119cia odbywa si\u0119 w dniu przyj\u0119cia \u2013 lekarz konsultuj\u0105cy ocenia stan zdrowia i wskazania do przyj\u0119cia lub odmowy przyj\u0119cia \u2013 w sytuacji stwierdzania przeciwwskaza\u0144 do przyj\u0119cia konsultacja mo\u017ce zako\u0144czy\u0107 si\u0119 odmow\u0105 przyj\u0119cia.\u00a0\u003C\/p\u003E\n\u003Cp\u003E\u003Cstrong\u003EUWAGA\u00a0\u003C\/strong\u003E\u003C\/p\u003E\n\u003Cp\u003EW dniu przyj\u0119cia wymagana jest zgoda na przyj\u0119cie i proponowane leczenie wyra\u017cona pisemnie przez rodzica biologicznego \/adopcyjnego (je\u015bli nie zosta\u0142 pozbawiony praw rodzicielskich) i pacjenta od 16 r.\u017c.\u00a0\u003C\/p\u003E\n\u003Cp\u003EW przypadku gdy opiek\u0119 prawn\u0105 sprawuje osoba nie b\u0119d\u0105ca rodzicem biologicznym\/adopcyjnym \u2013 zgodnie z art. 22.5 Ustawy o ochronie zdrowia psychicznego, na planowe przyj\u0119cie wymagana jest zgoda zast\u0119pcza S\u0105du Rodzinnego w\u0142a\u015bciwego miejsca zamieszkania ma\u0142oletniego pacjenta (o\u015bwiadczenia czy upowa\u017cnienia rodzic\u00f3w jak i postanowienia s\u0105du o ustanowieniu opiekunem prawnym z prawem decydowania o leczeniu nie spe\u0142niaj\u0105 wymog\u00f3w do wyra\u017cenia formalnej zgody na szczeg\u00f3ln\u0105 czynno\u015b\u0107 medyczna jak\u0105 jest hospitalizacja psychiatryczna)\u00a0\u003C\/p\u003E\n\u003Cp\u003EPrzy przyj\u0119ciu pacjenta na oddzia\u0142 wymagany jest dokument potwierdzaj\u0105cy to\u017csamo\u015b\u0107: legitymacja szkolna\/ paszport\/dow\u00f3d osobisty.\u003C\/p\u003E\n\u003Cp\u003E\u003Cstrong\u003ECa\u0142odobowe \u015bwiadczenia medyczne udzielane s\u0105 w oparciu o kontrakt z NFZ w zakresie\u00a0leczenia zaburze\u0144 nerwicowych dla dzieci i m\u0142odzie\u017cy w stacjonarnym, ca\u0142odobowym Oddziale\u00a0dzieciom i m\u0142odzie\u017cy do czasu uko\u0144czenia nauki w szkole ponadpodstawowej.\u003C\/strong\u003E\u003C\/p\u003E\n\u003Cp\u003E\u003Cstrong\u003EPobyt i terapia dziecka s\u0105 bezp\u0142atne.\u003C\/strong\u003E\u003C\/p\u003E\n\u003Cp\u003E\u003Cstrong\u003ECzas hospitalizacji jest uzale\u017cniony od prezentowanej problematyki emocjonalnej, prezentowanej motywacji do leczenia, post\u0119p\u00f3w w leczeniu i mo\u017cliwo\u015bci adaptacyjnych dziecka - mo\u017ce trwa\u0107 maksymalnie do 24 tygodni.\u003C\/strong\u003E\u003C\/p\u003E\n\u003C\/div\u003E\n\u003C\/div\u003E\n\u003C\/div\u003E\n\u003C\/article\u003E\n\u003C\/div\u003E\n\u003C\/div\u003E","promotion":false}},{"id":"93bd42ce-7312-11e9-90c1-000c290e6fc2","type":"Gallery","name":"Galeria","description":"Galeria"},{"id":"93bd956b-7312-11e9-90c1-000c290e6fc2","type":"Attachment","name":"Za\u0142\u0105czniki","description":"Za\u0142\u0105czniki do strony"},{"id":"d63e71ef-92cf-11f0-b976-00505697ccff","type":"PageThumbnail","name":"","description":"Miniaturka strony","content":[]}]}